{"id":2,"date":"2024-03-03T00:28:15","date_gmt":"2024-03-03T00:28:15","guid":{"rendered":"https:\/\/lubelskiekajaki.pl\/?page_id=2"},"modified":"2025-07-09T19:48:01","modified_gmt":"2025-07-09T19:48:01","slug":"sample-page","status":"publish","type":"page","link":"https:\/\/lubelskiekajaki.pl\/","title":{"rendered":"Cze\u015b\u0107!"},"content":{"rendered":"\n<p>Chcesz pop\u0142ywa\u0107 kajakiem? Dobrze trafi\u0142e\u015b\/a\u015b!<br><\/p>\n\n\n\n<h2 class=\"wp-block-heading\">Wypo\u017cyczalnia kajak\u00f3w na Wieprzu<\/h2>\n\n\n\n<p>Zapraszamy nad Wieprz. Na sp\u0142yw przez <a href=\"https:\/\/parki.lubelskie.pl\/parki-krajobrazowe\/nadwieprzanski-park-krajobrazowy\/o-parku\">Nadwieprza\u0144ski Park Krajobrazowy<\/a>. Z nami pop\u0142yniesz pi\u0119knym prze\u0142omem rzeki Wieprz przez wzniesienia Wy\u017cyny Lubelskiej.<\/p>\n\n\n\n<p><\/p>\n\n\n\n<p>Wypo\u017cyczamy kajaki jedno i dwuosobowe, tak\u017ce z mo\u017cliwo\u015bci\u0105 p\u0142ywania z dzieckiem jako trzeci\u0105 osob\u0105. <\/p>\n\n\n\n<p><\/p>\n\n\n\n<p>Nasz ulubiony odcinek rzeki to <strong>\u0141\u0119czna &#8211; Kijany<\/strong>. Sp\u0142yniesz go w <strong>2 &#8211; 3 godziny<\/strong> i b\u0119dziesz zachwycony\/a widokami i dziko\u015bci\u0105 przyrody. Sp\u0142yw mo\u017cesz wyd\u0142u\u017cy\u0107 do 4, 5 lub wi\u0119cej godzin. P\u0142ywamy tak\u017ce innymi odcinkami, na terenie <a href=\"https:\/\/parki.lubelskie.pl\/parki-krajobrazowe\/nadwieprzanski-park-krajobrazowy\/o-parku\">Nadwieprza\u0144skiego Parku Krajobrazowego<\/a> i w jego najbli\u017cszych okolicach.<\/p>\n\n\n\n<p><\/p>\n\n\n\n<p><\/p>\n\n\n\n<h2 class=\"wp-block-heading\">Nasza oferta<\/h2>\n\n\n\n<p>Spokojny dwugodzinny sp\u0142yw kajakiem po Wieprzu w letni weekend? Zapraszamy!<\/p>\n\n\n\n<p>Kilkudniowa wyprawa kajakowa? Pomo\u017cemy! \ud83d\ude42 <\/p>\n\n\n\n<p>Wielodniowy sp\u0142yw Wieprzem, z transportem baga\u017cu? Zrobimy! \ud83d\ude42<\/p>\n\n\n\n<h2 class=\"wp-block-heading\">Co nas wyr\u00f3\u017cnia?<\/h2>\n\n\n\n<ul class=\"wp-block-list\">\n<li>klimatyczne sp\u0142ywy o wschodzie s\u0142o\u0144ca i popo\u0142udniowo &#8211; wieczorne o zachodzie<\/li>\n\n\n\n<li>kajakowe wyprawy rzekami Lubelszczyzny i nie tylko<\/li>\n\n\n\n<li>eko sp\u0142ywy kajakami z recyklingu<\/li>\n\n\n\n<li>sp\u0142ywy mniej popularnymi, nie naj\u0142atwiejszymi, rzekami dla tych, kt\u00f3rzy chc\u0105 si\u0119 sprawdzi\u0107<\/li>\n\n\n\n<li>mo\u017cliwo\u015b\u0107 testowania kajak\u00f3w r\u00f3\u017cnych typ\u00f3w (morskie, g\u00f3rskie, wyprawowe, packrafty)<\/li>\n\n\n\n<li>szkolenia kajakowe dla pocz\u0105tkuj\u0105cych i nie tylko<\/li>\n\n\n\n<li>sp\u0142ywy w asy\u015bcie instruktora z indywidualn\u0105 us\u0142ug\u0105 szkoleniow\u0105 i\/lub przewodnick\u0105<\/li>\n\n\n\n<li>p\u0142ywanie poza sezonem letnim, wsp\u00f3lna eksploracja rzek i treningi przygotowuj\u0105ce do amatorskich zawod\u00f3w kajakowych<\/li>\n<\/ul>\n\n\n\n<p><\/p>\n\n\n\n<h2 class=\"wp-block-heading\">Jak si\u0119 z nami skontaktowa\u0107?<\/h2>\n\n\n\n<p><\/p>\n\n\n\n<p>Przez telefon: <strong>+48 501 008 004<\/strong><\/p>\n\n\n\n<p>Pisz\u0105c maila: <a href=\"mailto:kayakventure.lubelskie@gmail.com\">kayakventure.lubelskie@gmail.com<\/a><\/p>\n\n\n\n<p>Przez Instagram: <a href=\"http:\/\/instagram.com\/lubelskiekajaki\">instagram.com\/lubelskiekajaki<\/a><\/p>\n\n\n\n<p>Przez Facebooka: <a href=\"http:\/\/facebook.com\/lubelskiekajaki\">facebook.com\/lubelskiekajaki<\/a><\/p>\n\n\n\n<p><\/p>\n\n\n\n<p><\/p>\n\n\n\n<p>Do zobaczenia na wodzie!<\/p>\n","protected":false},"excerpt":{"rendered":"<p>Chcesz pop\u0142ywa\u0107 kajakiem? Dobrze trafi\u0142e\u015b\/a\u015b! Wypo\u017cyczalnia kajak\u00f3w na Wieprzu Zapraszamy nad Wieprz. Na sp\u0142yw przez Nadwieprza\u0144ski Park Krajobrazowy. Z nami pop\u0142yniesz pi\u0119knym prze\u0142omem rzeki Wieprz przez wzniesienia Wy\u017cyny Lubelskiej. Wypo\u017cyczamy kajaki jedno i dwuosobowe, tak\u017ce z mo\u017cliwo\u015bci\u0105 p\u0142ywania z dzieckiem jako trzeci\u0105 osob\u0105. Nasz ulubiony odcinek rzeki to \u0141\u0119czna &#8211; Kijany. Sp\u0142yniesz go w 2 &hellip; <\/p>\n<p class=\"link-more\"><a href=\"https:\/\/lubelskiekajaki.pl\/\" class=\"more-link\">Continue reading<span class=\"screen-reader-text\"> &#8220;Cze\u015b\u0107!&#8221;<\/span><\/a><\/p>\n","protected":false},"author":1,"featured_media":0,"parent":0,"menu_order":0,"comment_status":"closed","ping_status":"open","template":"","meta":{"_regular_price":[],"currency_symbol":[],"footnotes":""},"class_list":["post-2","page","type-page","status-publish","hentry"],"post_slider_layout_featured_media_urls":{"thumbnail":"","post_slider_layout_landscape_large":"","post_slider_layout_portrait_large":"","post_slider_layout_square_large":"","post_slider_layout_landscape":"","post_slider_layout_portrait":"","post_slider_layout_square":"","full":""},"_links":{"self":[{"href":"https:\/\/lubelskiekajaki.pl\/index.php?rest_route=\/wp\/v2\/pages\/2","targetHints":{"allow":["GET"]}}],"collection":[{"href":"https:\/\/lubelskiekajaki.pl\/index.php?rest_route=\/wp\/v2\/pages"}],"about":[{"href":"https:\/\/lubelskiekajaki.pl\/index.php?rest_route=\/wp\/v2\/types\/page"}],"author":[{"embeddable":true,"href":"https:\/\/lubelskiekajaki.pl\/index.php?rest_route=\/wp\/v2\/users\/1"}],"replies":[{"embeddable":true,"href":"https:\/\/lubelskiekajaki.pl\/index.php?rest_route=%2Fwp%2Fv2%2Fcomments&post=2"}],"version-history":[{"count":8,"href":"https:\/\/lubelskiekajaki.pl\/index.php?rest_route=\/wp\/v2\/pages\/2\/revisions"}],"predecessor-version":[{"id":193,"href":"https:\/\/lubelskiekajaki.pl\/index.php?rest_route=\/wp\/v2\/pages\/2\/revisions\/193"}],"wp:attachment":[{"href":"https:\/\/lubelskiekajaki.pl\/index.php?rest_route=%2Fwp%2Fv2%2Fmedia&parent=2"}],"curies":[{"name":"wp","href":"https:\/\/api.w.org\/{rel}","templated":true}]}}